{"id":3116,"date":"2025-11-04T15:40:32","date_gmt":"2025-11-04T14:40:32","guid":{"rendered":"https:\/\/muluxembourg.lu\/?page_id=3116"},"modified":"2026-09-02T18:52:55","modified_gmt":"2026-09-02T16:52:55","slug":"festive-season","status":"publish","type":"page","link":"https:\/\/muluxembourg.lu\/en\/festive-season\/","title":{"rendered":"festive season"},"content":{"rendered":"<div data-elementor-type=\"wp-page\" data-elementor-id=\"3116\" class=\"elementor elementor-3116\">\n\t\t\t\t\t\t<section class=\"elementor-section elementor-top-section elementor-element elementor-element-5ce807f elementor-section-height-min-height pt-section-content-fullwidth pt-parallax-on-scroll pt_scroll_y_120 elementor-section-boxed elementor-section-height-default elementor-section-items-middle\" data-id=\"5ce807f\" data-element_type=\"section\" data-e-type=\"section\" data-settings=\"{&quot;background_background&quot;:&quot;classic&quot;}\" data-pt-parallax-y=\"120\" style=\"background-image: none;\" data-pt-background-image=\"https:\/\/muluxembourg.lu\/wp-content\/uploads\/2025\/11\/testttt.jpg\">\n\t\t\t\t\t\t\t<div class=\"elementor-background-overlay\"><\/div>\n\t\t\t\t\t\t\t<div class=\"elementor-container elementor-column-gap-no\">\n\t\t\t\t\t<div class=\"elementor-column elementor-col-100 elementor-top-column elementor-element elementor-element-a50af53 dark-color\" data-id=\"a50af53\" data-element_type=\"column\" data-e-type=\"column\">\n\t\t\t<div class=\"elementor-widget-wrap elementor-element-populated\">\n\t\t\t\t\t\t<div class=\"elementor-element elementor-element-ba2cb9c elementor-widget elementor-widget-pt_title\" data-id=\"ba2cb9c\" data-element_type=\"widget\" data-e-type=\"widget\" data-widget_type=\"pt_title.default\">\n\t\t\t\t<div class=\"elementor-widget-container\">\n\t\t\t\t\t\n        <div class=\"pt-title-wrap text-center\">\t            <h1 class=\"pt-title\">\n\t                Festive Season\t            <\/h1>        <\/div>\t\t\t\t<\/div>\n\t\t\t\t<\/div>\n\t\t\t\t\t<\/div>\n\t\t<\/div>\n\t\t\t\t\t<\/div>\n\t\t<\/section>\n\t\t\t\t<section class=\"elementor-section elementor-top-section elementor-element elementor-element-f4d9abe elementor-section-content-middle elementor-section-boxed elementor-section-height-default elementor-section-height-default\" data-id=\"f4d9abe\" data-element_type=\"section\" data-e-type=\"section\">\n\t\t\t\t\t\t<div class=\"elementor-container elementor-column-gap-no\">\n\t\t\t\t\t<div class=\"elementor-column elementor-col-100 elementor-top-column elementor-element elementor-element-d1d8c75\" data-id=\"d1d8c75\" data-element_type=\"column\" data-e-type=\"column\">\n\t\t\t<div class=\"elementor-widget-wrap elementor-element-populated\">\n\t\t\t\t\t\t<div class=\"elementor-element elementor-element-b7d15ad elementor-widget elementor-widget-pt_title\" data-id=\"b7d15ad\" data-element_type=\"widget\" data-e-type=\"widget\" data-widget_type=\"pt_title.default\">\n\t\t\t\t<div class=\"elementor-widget-container\">\n\t\t\t\t\t\n        <div class=\"pt-title-wrap text-center\">\t            <div class=\"pt-subtitle-wrap\"><span class=\"pt-subtitle\">Mu Luxembourg<\/span><\/div>\t            <h5 class=\"pt-title\">\n\t                Where the festive season shines\t            <\/h5>        <\/div>\t\t\t\t<\/div>\n\t\t\t\t<\/div>\n\t\t\t\t<div class=\"elementor-element elementor-element-3a1e997 elementor-widget elementor-widget-pt_title\" data-id=\"3a1e997\" data-element_type=\"widget\" data-e-type=\"widget\" data-widget_type=\"pt_title.default\">\n\t\t\t\t<div class=\"elementor-widget-container\">\n\t\t\t\t\t\n        <div class=\"pt-title-wrap text-center\">\t            <div class=\"pt-title-text\">\n\t                <p><strong data-start=\"50\" data-end=\"121\">Experience the end-of-year magic at Sofitel Luxembourg Le Grand Ducal.<\/strong><\/p><p>Indulge in exquisite festive delights and enchanting d\u00e9cor, thoughtfully designed to immerse you in the season\u2019s splendour while enjoying the best panoramic views of Luxembourg\u2019s UNESCO World Heritage-listed Petrusse Valley.<br data-start=\"387\" data-end=\"390\" \/>From every meticulously crafted detail to the unparalleled ambiance, create timeless memories with your loved ones in an unforgettable celebration of holiday elegance.<\/p>\t            <\/div>        <\/div>\t\t\t\t<\/div>\n\t\t\t\t<\/div>\n\t\t\t\t\t<\/div>\n\t\t<\/div>\n\t\t\t\t\t<\/div>\n\t\t<\/section>\n\t\t\t\t<section class=\"elementor-section elementor-top-section elementor-element elementor-element-7d652da elementor-section-boxed elementor-section-height-default elementor-section-height-default\" data-id=\"7d652da\" data-element_type=\"section\" data-e-type=\"section\">\n\t\t\t\t\t\t<div class=\"elementor-container elementor-column-gap-default\">\n\t\t\t\t\t<div class=\"elementor-column elementor-col-100 elementor-top-column elementor-element elementor-element-85f7c13\" data-id=\"85f7c13\" data-element_type=\"column\" data-e-type=\"column\">\n\t\t\t<div class=\"elementor-widget-wrap elementor-element-populated\">\n\t\t\t\t\t\t<div class=\"elementor-element elementor-element-2469ce7 elementor-widget elementor-widget-pt_products\" data-id=\"2469ce7\" data-element_type=\"widget\" data-e-type=\"widget\" data-widget_type=\"pt_products.default\">\n\t\t\t\t<div class=\"elementor-widget-container\">\n\t\t\t\t\t            <div class=\"woocommerce\">\n    \t\t\t<ul class=\"products columns-4\">\n    \t\t\t\t<li class=\"product type-product post-3835 status-publish instock product_cat-brunch-edition-speciale product_cat-events product_cat-festive-season product_cat-promo has-post-thumbnail shipping-taxable purchasable product-type-variable first\">\n\t\t\t\t\t \t\t\t<div class=\"product-image\"><a href=\"https:\/\/muluxembourg.lu\/en\/product\/brunch-de-noel\/\" class=\"woocommerce-LoopProduct-link woocommerce-loop-product__link\"><img fetchpriority=\"high\" decoding=\"async\" width=\"300\" height=\"300\" src=\"https:\/\/muluxembourg.lu\/wp-content\/uploads\/2025\/09\/2025-SLGD-Festive-Season-Christmas-Brunch-300x300.jpg\" class=\"attachment-woocommerce_thumbnail size-woocommerce_thumbnail\" alt=\"Brunch de No\u00ebl\" srcset=\"https:\/\/muluxembourg.lu\/wp-content\/uploads\/2025\/09\/2025-SLGD-Festive-Season-Christmas-Brunch-300x300.jpg 300w, https:\/\/muluxembourg.lu\/wp-content\/uploads\/2025\/09\/2025-SLGD-Festive-Season-Christmas-Brunch-1024x1024.jpg 1024w, https:\/\/muluxembourg.lu\/wp-content\/uploads\/2025\/09\/2025-SLGD-Festive-Season-Christmas-Brunch-150x150.jpg 150w, https:\/\/muluxembourg.lu\/wp-content\/uploads\/2025\/09\/2025-SLGD-Festive-Season-Christmas-Brunch-768x768.jpg 768w, https:\/\/muluxembourg.lu\/wp-content\/uploads\/2025\/09\/2025-SLGD-Festive-Season-Christmas-Brunch-1536x1536.jpg 1536w, https:\/\/muluxembourg.lu\/wp-content\/uploads\/2025\/09\/2025-SLGD-Festive-Season-Christmas-Brunch-2048x2048.jpg 2048w, https:\/\/muluxembourg.lu\/wp-content\/uploads\/2025\/09\/2025-SLGD-Festive-Season-Christmas-Brunch-12x12.jpg 12w, https:\/\/muluxembourg.lu\/wp-content\/uploads\/2025\/09\/2025-SLGD-Festive-Season-Christmas-Brunch-1920x1920.jpg 1920w, https:\/\/muluxembourg.lu\/wp-content\/uploads\/2025\/09\/2025-SLGD-Festive-Season-Christmas-Brunch-1440x1440.jpg 1440w, https:\/\/muluxembourg.lu\/wp-content\/uploads\/2025\/09\/2025-SLGD-Festive-Season-Christmas-Brunch-1200x1200.jpg 1200w, https:\/\/muluxembourg.lu\/wp-content\/uploads\/2025\/09\/2025-SLGD-Festive-Season-Christmas-Brunch-780x780.jpg 780w, https:\/\/muluxembourg.lu\/wp-content\/uploads\/2025\/09\/2025-SLGD-Festive-Season-Christmas-Brunch-600x600.jpg 600w, https:\/\/muluxembourg.lu\/wp-content\/uploads\/2025\/09\/2025-SLGD-Festive-Season-Christmas-Brunch-550x550.jpg 550w, https:\/\/muluxembourg.lu\/wp-content\/uploads\/2025\/09\/2025-SLGD-Festive-Season-Christmas-Brunch-370x370.jpg 370w, https:\/\/muluxembourg.lu\/wp-content\/uploads\/2025\/09\/2025-SLGD-Festive-Season-Christmas-Brunch-255x255.jpg 255w\" sizes=\"(max-width: 300px) 100vw, 300px\" \/><\/a>\t<span id=\"woocommerce_loop_add_to_cart_link_describedby_3835\" class=\"screen-reader-text\">\n\t\tThis product has multiple variants. The options may be chosen on the product page\t<\/span>\n\t\t<\/div><a href=\"https:\/\/muluxembourg.lu\/en\/product\/brunch-de-noel\/\" class=\"woocommerce-LoopProduct-link woocommerce-loop-product__link\"><h2 class=\"woocommerce-loop-product__title\">Christmas Brunch<\/h2>\n\t<span class=\"price\"><span class=\"woocommerce-Price-amount amount\" aria-hidden=\"true\"><bdi>50,00&nbsp;<span class=\"woocommerce-Price-currencySymbol\" translate=\"no\">&euro;<\/span><\/bdi><\/span> <span aria-hidden=\"true\">&ndash;<\/span> <span class=\"woocommerce-Price-amount amount\" aria-hidden=\"true\"><bdi>95,00&nbsp;<span class=\"woocommerce-Price-currencySymbol\" translate=\"no\">&euro;<\/span><\/bdi><\/span><span class=\"screen-reader-text\" data-no-translation=\"\" data-trp-gettext=\"\">Price range: 50,00&nbsp;&euro; through 95,00&nbsp;&euro;<\/span><\/span>\n<div class=\"woocommerce-product-details__short-description\">\n\t<p>Celebrate the magic of Christmas at the top of the Ville-Haute,\u2026<\/p>\n<\/div>\n<\/a>    \t\t\t\t<\/li>\n    \t\t\t\t<li class=\"product type-product post-3827 status-publish instock product_cat-events product_cat-festive-season has-post-thumbnail shipping-taxable purchasable product-type-variable\">\n\t\t\t\t\t \t\t\t<div class=\"product-image\"><a href=\"https:\/\/muluxembourg.lu\/en\/product\/diner-de-gala-reveillon-de-la-saint-sylvestre\/\" class=\"woocommerce-LoopProduct-link woocommerce-loop-product__link\"><img decoding=\"async\" width=\"300\" height=\"300\" src=\"https:\/\/muluxembourg.lu\/wp-content\/uploads\/2026\/09\/2026-SLGD-Festive-Season-New-Years-Eve-Gala-300x300.jpg\" class=\"attachment-woocommerce_thumbnail size-woocommerce_thumbnail\" alt=\"D\u00eener de Gala \u2013 R\u00e9veillon de la Saint-Sylvestre\" srcset=\"https:\/\/muluxembourg.lu\/wp-content\/uploads\/2026\/09\/2026-SLGD-Festive-Season-New-Years-Eve-Gala-300x300.jpg 300w, https:\/\/muluxembourg.lu\/wp-content\/uploads\/2026\/09\/2026-SLGD-Festive-Season-New-Years-Eve-Gala-1024x1024.jpg 1024w, https:\/\/muluxembourg.lu\/wp-content\/uploads\/2026\/09\/2026-SLGD-Festive-Season-New-Years-Eve-Gala-150x150.jpg 150w, https:\/\/muluxembourg.lu\/wp-content\/uploads\/2026\/09\/2026-SLGD-Festive-Season-New-Years-Eve-Gala-768x768.jpg 768w, https:\/\/muluxembourg.lu\/wp-content\/uploads\/2026\/09\/2026-SLGD-Festive-Season-New-Years-Eve-Gala-1536x1536.jpg 1536w, https:\/\/muluxembourg.lu\/wp-content\/uploads\/2026\/09\/2026-SLGD-Festive-Season-New-Years-Eve-Gala-2048x2048.jpg 2048w, https:\/\/muluxembourg.lu\/wp-content\/uploads\/2026\/09\/2026-SLGD-Festive-Season-New-Years-Eve-Gala-12x12.jpg 12w, https:\/\/muluxembourg.lu\/wp-content\/uploads\/2026\/09\/2026-SLGD-Festive-Season-New-Years-Eve-Gala-1920x1920.jpg 1920w, https:\/\/muluxembourg.lu\/wp-content\/uploads\/2026\/09\/2026-SLGD-Festive-Season-New-Years-Eve-Gala-1440x1440.jpg 1440w, https:\/\/muluxembourg.lu\/wp-content\/uploads\/2026\/09\/2026-SLGD-Festive-Season-New-Years-Eve-Gala-1200x1200.jpg 1200w, https:\/\/muluxembourg.lu\/wp-content\/uploads\/2026\/09\/2026-SLGD-Festive-Season-New-Years-Eve-Gala-780x780.jpg 780w, https:\/\/muluxembourg.lu\/wp-content\/uploads\/2026\/09\/2026-SLGD-Festive-Season-New-Years-Eve-Gala-600x600.jpg 600w, https:\/\/muluxembourg.lu\/wp-content\/uploads\/2026\/09\/2026-SLGD-Festive-Season-New-Years-Eve-Gala-550x550.jpg 550w, https:\/\/muluxembourg.lu\/wp-content\/uploads\/2026\/09\/2026-SLGD-Festive-Season-New-Years-Eve-Gala-370x370.jpg 370w, https:\/\/muluxembourg.lu\/wp-content\/uploads\/2026\/09\/2026-SLGD-Festive-Season-New-Years-Eve-Gala-255x255.jpg 255w\" sizes=\"(max-width: 300px) 100vw, 300px\" \/><\/a>\t<span id=\"woocommerce_loop_add_to_cart_link_describedby_3827\" class=\"screen-reader-text\">\n\t\tThis product has multiple variants. The options may be chosen on the product page\t<\/span>\n\t\t<\/div><a href=\"https:\/\/muluxembourg.lu\/en\/product\/diner-de-gala-reveillon-de-la-saint-sylvestre\/\" class=\"woocommerce-LoopProduct-link woocommerce-loop-product__link\"><h2 class=\"woocommerce-loop-product__title\">Gala Dinner \u2013 New Year's Eve<\/h2>\n\t<span class=\"price\"><span class=\"woocommerce-Price-amount amount\" aria-hidden=\"true\"><bdi>60,00&nbsp;<span class=\"woocommerce-Price-currencySymbol\" translate=\"no\">&euro;<\/span><\/bdi><\/span> <span aria-hidden=\"true\">&ndash;<\/span> <span class=\"woocommerce-Price-amount amount\" aria-hidden=\"true\"><bdi>1.020,00&nbsp;<span class=\"woocommerce-Price-currencySymbol\" translate=\"no\">&euro;<\/span><\/bdi><\/span><span class=\"screen-reader-text\" data-no-translation=\"\" data-trp-gettext=\"\">Price range: 60,00&nbsp;&euro; through 1.020,00&nbsp;&euro;<\/span><\/span>\n<div class=\"woocommerce-product-details__short-description\">\n\t<p>&nbsp; Celebrate the turn of the new year at the summit\u2026<\/p>\n<\/div>\n<\/a>    \t\t\t\t<\/li>    \t\t\t<\/ul>            <\/div>\t\t\t\t<\/div>\n\t\t\t\t<\/div>\n\t\t\t\t\t<\/div>\n\t\t<\/div>\n\t\t\t\t\t<\/div>\n\t\t<\/section>\n\t\t\t\t<section class=\"elementor-section elementor-top-section elementor-element elementor-element-9205ab8 elementor-section-boxed elementor-section-height-default elementor-section-height-default\" data-id=\"9205ab8\" data-element_type=\"section\" data-e-type=\"section\">\n\t\t\t\t\t\t<div class=\"elementor-container elementor-column-gap-default\">\n\t\t\t\t\t<div class=\"elementor-column elementor-col-100 elementor-top-column elementor-element elementor-element-61bdea8\" data-id=\"61bdea8\" data-element_type=\"column\" data-e-type=\"column\">\n\t\t\t<div class=\"elementor-widget-wrap elementor-element-populated\">\n\t\t\t\t\t\t<div class=\"elementor-element elementor-element-d72f9a4 elementor-widget elementor-widget-spacer\" data-id=\"d72f9a4\" data-element_type=\"widget\" data-e-type=\"widget\" data-widget_type=\"spacer.default\">\n\t\t\t\t<div class=\"elementor-widget-container\">\n\t\t\t\t\t\t\t<div class=\"elementor-spacer\">\n\t\t\t<div class=\"elementor-spacer-inner\"><\/div>\n\t\t<\/div>\n\t\t\t\t\t\t<\/div>\n\t\t\t\t<\/div>\n\t\t\t\t\t<\/div>\n\t\t<\/div>\n\t\t\t\t\t<\/div>\n\t\t<\/section>\n\t\t\t\t<section class=\"elementor-section elementor-top-section elementor-element elementor-element-fd9b483 elementor-section-full_width elementor-section-height-default elementor-section-height-default\" data-id=\"fd9b483\" data-element_type=\"section\" data-e-type=\"section\">\n\t\t\t\t\t\t<div class=\"elementor-container elementor-column-gap-default\">\n\t\t\t\t\t<div class=\"elementor-column elementor-col-50 elementor-top-column elementor-element elementor-element-4fc64ea\" data-id=\"4fc64ea\" data-element_type=\"column\" data-e-type=\"column\">\n\t\t\t<div class=\"elementor-widget-wrap elementor-element-populated\">\n\t\t\t\t\t\t<div class=\"elementor-element elementor-element-f484236 elementor-widget elementor-widget-pt_title\" data-id=\"f484236\" data-element_type=\"widget\" data-e-type=\"widget\" data-widget_type=\"pt_title.default\">\n\t\t\t\t<div class=\"elementor-widget-container\">\n\t\t\t\t\t\n        <div class=\"pt-title-wrap text-center\">\t            <div class=\"pt-subtitle-wrap\"><span class=\"pt-subtitle\">Where creativity and savoir faire meet<\/span><\/div>\t            <h5 class=\"pt-title\">\n\t                Your end-of-year event\t            <\/h5>        <\/div>\t\t\t\t<\/div>\n\t\t\t\t<\/div>\n\t\t\t\t<div class=\"elementor-element elementor-element-aaebb82 elementor-widget elementor-widget-pt_title\" data-id=\"aaebb82\" data-element_type=\"widget\" data-e-type=\"widget\" data-widget_type=\"pt_title.default\">\n\t\t\t\t<div class=\"elementor-widget-container\">\n\t\t\t\t\t\n        <div class=\"pt-title-wrap text-center\">\t            <div class=\"pt-title-text\">\n\t                <p data-start=\"156\" data-end=\"316\">Celebrate your end-of-year event at Sofitel Luxembourg Le Grand Ducal, where timeless heritage meets extraordinary panoramic views.<\/p><p data-start=\"318\" data-end=\"642\">Savor an exceptional culinary experience with a menu specially crafted by Executive Chef Yann Castano<\/p><p data-start=\"318\" data-end=\"642\">Each creation can be tailored to your tastes and preferences, and evolves with the finest seasonal ingredients, ensuring a celebration as unique and refined as you<\/p>\t            <\/div>                <div class=\"pt-title-btn\">\n                    <a class=\"button elementor-button-link\" role=\"button\" href=\"https:\/\/sofitel.accor.com\/en\/hotels\/5555\/meetings.html\" target=\"_blank\">\n                        <span class=\"pt-btn-text\">Request now<\/span>\n                    <\/a>\n                <\/div>\n                    <\/div>\t\t\t\t<\/div>\n\t\t\t\t<\/div>\n\t\t\t\t\t<\/div>\n\t\t<\/div>\n\t\t\t\t<div class=\"elementor-column elementor-col-50 elementor-top-column elementor-element elementor-element-d999840\" data-id=\"d999840\" data-element_type=\"column\" data-e-type=\"column\">\n\t\t\t<div class=\"elementor-widget-wrap elementor-element-populated\">\n\t\t\t\t\t\t<div class=\"elementor-element elementor-element-665ee90 elementor-widget__width-initial elementor-widget elementor-widget-image\" data-id=\"665ee90\" data-element_type=\"widget\" data-e-type=\"widget\" data-widget_type=\"image.default\">\n\t\t\t\t<div class=\"elementor-widget-container\">\n\t\t\t\t\t\t\t\t\t\t\t\t\t\t\t<img decoding=\"async\" width=\"1190\" height=\"792\" src=\"https:\/\/muluxembourg.lu\/wp-content\/uploads\/2025\/11\/HCM_P_2909088_3by2.webp\" class=\"attachment-full size-full wp-image-3137\" alt=\"\" srcset=\"https:\/\/muluxembourg.lu\/wp-content\/uploads\/2025\/11\/HCM_P_2909088_3by2.webp 1190w, https:\/\/muluxembourg.lu\/wp-content\/uploads\/2025\/11\/HCM_P_2909088_3by2-300x200.webp 300w, https:\/\/muluxembourg.lu\/wp-content\/uploads\/2025\/11\/HCM_P_2909088_3by2-1024x682.webp 1024w, https:\/\/muluxembourg.lu\/wp-content\/uploads\/2025\/11\/HCM_P_2909088_3by2-768x511.webp 768w, https:\/\/muluxembourg.lu\/wp-content\/uploads\/2025\/11\/HCM_P_2909088_3by2-18x12.webp 18w, https:\/\/muluxembourg.lu\/wp-content\/uploads\/2025\/11\/HCM_P_2909088_3by2-780x519.webp 780w, https:\/\/muluxembourg.lu\/wp-content\/uploads\/2025\/11\/HCM_P_2909088_3by2-600x399.webp 600w, https:\/\/muluxembourg.lu\/wp-content\/uploads\/2025\/11\/HCM_P_2909088_3by2-550x366.webp 550w, https:\/\/muluxembourg.lu\/wp-content\/uploads\/2025\/11\/HCM_P_2909088_3by2-370x246.webp 370w, https:\/\/muluxembourg.lu\/wp-content\/uploads\/2025\/11\/HCM_P_2909088_3by2-255x170.webp 255w, https:\/\/muluxembourg.lu\/wp-content\/uploads\/2025\/11\/HCM_P_2909088_3by2-150x100.webp 150w\" sizes=\"(max-width: 1190px) 100vw, 1190px\" \/>\t\t\t\t\t\t\t\t\t\t\t\t\t\t\t<\/div>\n\t\t\t\t<\/div>\n\t\t\t\t\t<\/div>\n\t\t<\/div>\n\t\t\t\t\t<\/div>\n\t\t<\/section>\n\t\t\t\t<section class=\"elementor-section elementor-top-section elementor-element elementor-element-0ce9a44 elementor-section-content-middle elementor-section-boxed elementor-section-height-default elementor-section-height-default\" data-id=\"0ce9a44\" data-element_type=\"section\" data-e-type=\"section\">\n\t\t\t\t\t\t<div class=\"elementor-container elementor-column-gap-no\">\n\t\t\t\t\t<div class=\"elementor-column elementor-col-100 elementor-top-column elementor-element elementor-element-afb9b56\" data-id=\"afb9b56\" data-element_type=\"column\" data-e-type=\"column\">\n\t\t\t<div class=\"elementor-widget-wrap\">\n\t\t\t\t\t\t\t<\/div>\n\t\t<\/div>\n\t\t\t\t\t<\/div>\n\t\t<\/section>\n\t\t\t\t<\/div>","protected":false},"excerpt":{"rendered":"<p>saison des f\u00eates Mu Luxembourg L\u00e0 o\u00f9 la saison des f\u00eates brille Vivez la magie de fin d\u2019ann\u00e9e au Sofitel Luxembourg Le Grand Ducal. Savourez des d\u00e9lices festifs exquis et d\u00e9couvrez un d\u00e9cor enchanteur, soigneusement con\u00e7u pour vous plonger dans la splendeur de la saison tout en profitant des plus belles vues panoramiques sur la &#8230;<\/p>","protected":false},"author":1,"featured_media":0,"parent":0,"menu_order":0,"comment_status":"closed","ping_status":"closed","template":"template-wide-content.php","meta":{"patiotime_single_page_hide_site_header":"","patiotime_single_page_site_header_source":"","patiotime_single_page_custom_site_header":"0","patiotime_single_page_custom_sticky_site_header":"0","patiotime_single_page_hide_page_title":"on","patiotime_single_page_header_section_size":"","patiotime_single_page_header_background_color":"","patiotime_single_page_header_background_position_x":"center","patiotime_single_page_header_background_position_y":"center","patiotime_single_page_header_background_size":"cover","patiotime_single_page_header_background_repeat":"off","patiotime_single_page_header_background_scroll":"on","patiotime_single_page_header_text_color":"","patiotime_single_page_header_show_breadcrumb":"","patiotime_single_page_site_footer_hide_main":"","patiotime_single_custom_site_footer_main_source":"","patiotime_single_custom_site_footer_main":"0","patiotime_single_page_site_footer_hide_above":"","patiotime_single_custom_site_footer_above_source":"","patiotime_single_custom_site_footer_above":"0","patiotime_single_page_site_footer_hide_instagram":"","patiotime_single_page_site_footer_hide_bottom":"","patiotime_single_custom_mobile_menu_source":"","patiotime_single_custom_mobile_menu":"0","patiotime_single_custom_mobile_menu_animation":"","patiotime_single_custom_mobile_menu_width":"","patiotime_single_custom_mobile_menu_custom_width":375,"footnotes":""},"class_list":["post-3116","page","type-page","status-publish","hentry"],"_links":{"self":[{"href":"https:\/\/muluxembourg.lu\/en\/wp-json\/wp\/v2\/pages\/3116","targetHints":{"allow":["GET"]}}],"collection":[{"href":"https:\/\/muluxembourg.lu\/en\/wp-json\/wp\/v2\/pages"}],"about":[{"href":"https:\/\/muluxembourg.lu\/en\/wp-json\/wp\/v2\/types\/page"}],"author":[{"embeddable":true,"href":"https:\/\/muluxembourg.lu\/en\/wp-json\/wp\/v2\/users\/1"}],"replies":[{"embeddable":true,"href":"https:\/\/muluxembourg.lu\/en\/wp-json\/wp\/v2\/comments?post=3116"}],"version-history":[{"count":1,"href":"https:\/\/muluxembourg.lu\/en\/wp-json\/wp\/v2\/pages\/3116\/revisions"}],"predecessor-version":[{"id":3841,"href":"https:\/\/muluxembourg.lu\/en\/wp-json\/wp\/v2\/pages\/3116\/revisions\/3841"}],"wp:attachment":[{"href":"https:\/\/muluxembourg.lu\/en\/wp-json\/wp\/v2\/media?parent=3116"}],"curies":[{"name":"wp","href":"https:\/\/api.w.org\/{rel}","templated":true}]}}